{"id":78,"date":"2024-02-04T21:28:07","date_gmt":"2024-02-04T21:28:07","guid":{"rendered":"http:\/\/localhost\/?page_id=76"},"modified":"2024-07-28T23:23:43","modified_gmt":"2024-07-29T03:23:43","slug":"historique-de-lassociation","status":"publish","type":"page","link":"https:\/\/www.gagne-bellavance.org\/?page_id=78","title":{"rendered":"Historique de l&rsquo;Association"},"content":{"rendered":"\n<div class=\"wp-block-group\"><div class=\"wp-block-group__inner-container is-layout-constrained wp-block-group-is-layout-constrained\">\n<div class=\"wp-block-columns is-layout-flex wp-container-core-columns-is-layout-8f761849 wp-block-columns-is-layout-flex\">\n<div class=\"wp-block-column is-layout-flow wp-block-column-is-layout-flow\" style=\"flex-basis:100%\">\n<div class=\"wp-block-group\"><div class=\"wp-block-group__inner-container is-layout-constrained wp-block-group-is-layout-constrained\">\n<div class=\"wp-block-group\"><div class=\"wp-block-group__inner-container is-layout-constrained wp-block-group-is-layout-constrained\">\n<p class=\"wp-block-paragraph\">L&rsquo;Association des familles Gagn\u00e9-Bellavance d\u2019Am\u00e9rique a \u00e9t\u00e9 fond\u00e9e le 17 septembre 1950.<\/p>\n\n\n\n<p class=\"wp-block-paragraph\">Elle a parrain\u00e9 une r\u00e9union de plus de 5 000 cousins\u00a0\u200b\u200ben 1953 pour c\u00e9l\u00e9brer le tricentenaire de l&rsquo;arriv\u00e9e de Pierre Gasnier (1610-1656) en 1653. Des photos de la r\u00e9union de 1953 peuvent \u00eatre vues dans la section Photos sur ce site. Une autre r\u00e9union de plus de 400 cousins\u00a0\u200b\u200ba eu lieu en 1994\u00a0\u00e0\u00a0Sainte-Anne de Beaupr\u00e9\u00a0pour comm\u00e9morer le 350e anniversaire de l&rsquo;arriv\u00e9e en 1644 de Louis et Marie Gasnier et de leur fille Louise.\u00a0<\/p>\n\n\n\n<p class=\"wp-block-paragraph\">L&rsquo;Association a organis\u00e9 des voyages sur les territoires ancestraux de France et les sites historiques pr\u00e9sent\u00e9s sur cette page. Vous \u00eates encourag\u00e9s \u00e0 rejoindre l\u2019Association et ainsi soutenir la recherche continue et la pr\u00e9servation de notre histoire.<\/p>\n\n\n\n<p class=\"wp-block-paragraph\">L&rsquo;Association tient ses assembl\u00e9es annuelles en septembre.\u00a0Chaque membre, lors de son adh\u00e9sion, peut demander un aper\u00e7u g\u00e9n\u00e9alogique remontant \u00e0 la premi\u00e8re g\u00e9n\u00e9ration. Certaines lign\u00e9es de la famille ont atteint la 14e g\u00e9n\u00e9ration. Par souci d&rsquo;uniformit\u00e9, les deux fr\u00e8res Gasnier et leur \u00e9pouse sont consid\u00e9r\u00e9s comme la premi\u00e8re g\u00e9n\u00e9ration.<\/p>\n\n\n\n<p class=\"wp-block-paragraph\">M. Robert Gagn\u00e9, g\u00e9n\u00e9alogiste de Brossard, Qu\u00e9bec a exerc\u00e9 les fonctions d&rsquo;archiviste et a index\u00e9 sur ordinateur des milliers d&rsquo;actes de naissance, de bapt\u00eame, de mariage et de d\u00e9c\u00e8s des descendants de Louis et Pierre Gasnier, nos premiers immigrants de France. L&rsquo;archiviste actuel de l&rsquo;Association est Jean-Yves Bellavance.<\/p>\n<\/div><\/div>\n<\/div><\/div>\n<\/div>\n<\/div>\n\n\n\n<h2 class=\"wp-block-heading\">R<strong>\u00e9sum\u00e9 de la pr\u00e9sentation de M. Aim\u00e9 Gagn\u00e9, de Montr\u00e9al, en 1997<\/strong><\/h2>\n\n\n\n<p class=\"wp-block-paragraph\">\u00ab L&rsquo;Association a connu deux p\u00e9riodes diff\u00e9rentes, la premi\u00e8re de 1950 \u00e0 1970 et celle actuelle depuis 1991. Au d\u00e9part, l&rsquo;Association a \u00e9t\u00e9 cr\u00e9\u00e9e uniquement pour c\u00e9l\u00e9brer le tricentenaire de l&rsquo;arriv\u00e9e de la premi\u00e8re famille Gagn\u00e9 en Nouvelle-France, soit Louis Gasnier, son \u00e9pouse Marie Michel et leur fille Louise.<\/p>\n\n\n\n<p class=\"wp-block-paragraph\">Pendant plusieurs ann\u00e9es, on a cru qu&rsquo;ils \u00e9taient arriv\u00e9s en 1643. En 1988, l&rsquo;Association Perche-Canada publiait que Louis, meunier de m\u00e9tier, \u00e9tait le premier citoyen de la ville de Saint-Cosme-en-Vairais \u00e0 partir pour Nouvelle-France en 1644.\u00a0Neuf ans plus tard, en 1653, son fr\u00e8re a\u00een\u00e9, Pierre, boulanger de m\u00e9tier, arrive \u00e9galement en Nouvelle-France. Ils sont venus avec trois fils, mais ont enterr\u00e9 des jumeaux en bas \u00e2ge en France. Malheureusement, Pierre lui-m\u00eame mourut en 1656.<\/p>\n\n\n\n<p class=\"wp-block-paragraph\">En 1949, David Valmore Gagnier de Rochester, New York, a eu l&rsquo;id\u00e9e de c\u00e9l\u00e9brer en 1953, le tricentenaire de l&rsquo;arriv\u00e9e de Pierre en 1653. M. Eug\u00e8ne Gagn\u00e9, un ing\u00e9nieur forestier de Qu\u00e9bec, s&rsquo;est int\u00e9ress\u00e9 au projet et a su convaincre le p\u00e8re Adrien Gagn\u00e9 du S\u00e9minaire de Qu\u00e9bec et le docteur Daniel Gagn\u00e9, de Qu\u00e9bec, de le rejoindre. Ces trois-l\u00e0 sont consid\u00e9r\u00e9s comme les fondateurs et \u00e9taient appel\u00e9s par beaucoup les \u00ab trois mousquetaires \u00bb.<\/p>\n\n\n\n<p class=\"wp-block-paragraph\">[Remarque : M. David V. Gagnier (5 juillet 1894-9 mai 1966) est d\u00e9c\u00e9d\u00e9 c\u00e9libataire \u00e0 Rochester, New York et a \u00e9t\u00e9 enterr\u00e9 dans une tombe anonyme au cimeti\u00e8re Mount Hope. L&rsquo;Association est int\u00e9ress\u00e9e par toute information le concernant.]<\/p>\n\n\n\n<p class=\"wp-block-paragraph\">Un comit\u00e9 a \u00e9t\u00e9 form\u00e9 pour organiser cette rencontre. Deux \u00e9v\u00eaques de la province de Qu\u00e9bec, Mgr Napol\u00e9on Labrie et Mgr Charles-Omer Garant, ont \u00e9t\u00e9 d\u00e9sign\u00e9s comme m\u00e9c\u00e8nes, car ils \u00e9taient des descendants de Gagn\u00e9 du c\u00f4t\u00e9 maternel. Le juge J-Arthur Gagn\u00e9 de la Cour d&rsquo;appel du Qu\u00e9bec a \u00e9t\u00e9 nomm\u00e9 pr\u00e9sident d&rsquo;honneur.<\/p>\n\n\n\n<p class=\"wp-block-paragraph\">La premi\u00e8re r\u00e9union a eu lieu le 17 septembre 1950 et l&rsquo;organisation a ensuite \u00e9t\u00e9 officiellement constitu\u00e9e. Il y avait trois types de membres : les fondateurs, qui payaient 5 $, les membres actifs, qui payaient 3 $ et les autres qui payaient 1 $ par an.<\/p>\n\n\n\n<p class=\"wp-block-paragraph\">Un bulletin d&rsquo;information trimestriel a \u00e9t\u00e9 lanc\u00e9 avec le p\u00e8re Adrien Gagn\u00e9 comme r\u00e9dacteur avec l&rsquo;aide des fr\u00e8res Magloire et Antonin. Fr\u00e8re Magloire (n\u00e9 Ernest Gagn\u00e9 aux \u00c9tats-Unis) a compil\u00e9 des milliers d&rsquo;actes de naissance et de d\u00e9c\u00e8s qui ont \u00e9t\u00e9 publi\u00e9s en plusieurs exemplaires dans la revue. Cette recherche sert toujours \u00e0 nos membres comme source de notre lien prouv\u00e9 avec les deux anc\u00eatres.<\/p>\n\n\n\n<p class=\"wp-block-paragraph\">Le nombre de membres atteint 2 000 au moment du Rassemblement familial en 1953. De nombreuses r\u00e9unions r\u00e9gionales m\u00e8nent \u00e0 ce premier rassemblement des Pionniers de la Nouvelle-France. La Commission des monuments historiques du Qu\u00e9bec a fait don d&rsquo;une plaque qui a \u00e9t\u00e9 plac\u00e9e sur la chapelle Comm\u00e9morative \u00e0 Sainte-Anne de Beaupr\u00e9 et d\u00e9voil\u00e9e lors du rassemblement de septembre 1953. D&rsquo;autres associations familiales y ont d\u00e9pos\u00e9 des plaques \u00e0 leurs frais.<\/p>\n\n\n\n<p class=\"wp-block-paragraph\">Le rassemblement a attir\u00e9 pr\u00e8s de 5 000 participants, dont un grand nombre ont visit\u00e9 la maison construite sur les fondations originales du XVIIe si\u00e8cle de celle de Louis Gasnier (1612-1661). Une messe comm\u00e9morative a eu lieu dans la basilique Sainte-Anne.<\/p>\n\n\n\n<p class=\"wp-block-paragraph\">Bien qu&rsquo;il y ait eu beaucoup d&rsquo;enthousiasme au d\u00e9but et de p\u00e8lerinages pour la F\u00eate du Travail les ann\u00e9es suivantes, le nombre de membres est tomb\u00e9 \u00e0 171 en seulement trois ans. Le 9 octobre 1961, un incendie \u00e0 l&rsquo;\u00c9cole de commerce de Qu\u00e9bec d\u00e9truit la plupart des archives mais le fr\u00e8re Magloire parvient \u00e0 en reconstituer la plupart. Le p\u00e8re Adrien d\u00e9c\u00e8de le 15 avril 1963 et le fr\u00e8re Magloire poursuit seul le journal jusqu&rsquo;\u00e0 son 45e et dernier num\u00e9ro en 1971. Le fr\u00e8re Magloire d\u00e9c\u00e8de le jour de No\u00ebl 1971.<\/p>\n\n\n\n<p class=\"wp-block-paragraph\">Une vingtaine d&rsquo;ann\u00e9es plus tard, en 1991, M. Jean-A. Gagn\u00e9 de Qu\u00e9bec et M. Aim\u00e9 Gagn\u00e9 de Montr\u00e9al se sont r\u00e9unis pour r\u00e9activer l&rsquo;\u00ab Association des familles Gagn\u00e9-Bellavance d\u2019Am\u00e9rique \u00bb. Lors de cette premi\u00e8re r\u00e9union, 18 personnes sont venues qui d\u00e9tiennent d\u00e9sormais les 18 premi\u00e8res cartes de membre.\u00a0<\/p>\n\n\n\n<p class=\"wp-block-paragraph\">Aujourd&rsquo;hui, l&rsquo;Association compte plus de 550\u00a0membres.\u00a0\u00bb<br><\/p>\n\n\n\n<p class=\"wp-block-paragraph\">Fin de la pr\u00e9sentation de M. Aim\u00e9 Gagn\u00e9<\/p>\n<\/div><\/div>\n\n\n\n<div class=\"wp-block-group\"><div class=\"wp-block-group__inner-container is-layout-constrained wp-block-group-is-layout-constrained\"><\/div><\/div>\n\n\n\n<figure class=\"wp-block-image size-full\"><img decoding=\"async\" src=\"http:\/\/localhost\/wp-content\/uploads\/2024\/02\/image.png\" alt=\"\" class=\"wp-image-153\"\/><\/figure>\n\n\n\n<figure class=\"wp-block-image size-full\"><img loading=\"lazy\" decoding=\"async\" width=\"603\" height=\"595\" src=\"https:\/\/www.gagne-bellavance.org\/wp-content\/uploads\/2024\/07\/Jean_A_Gagne.jpg\" alt=\"\" class=\"wp-image-510\" srcset=\"https:\/\/www.gagne-bellavance.org\/wp-content\/uploads\/2024\/07\/Jean_A_Gagne.jpg 603w, https:\/\/www.gagne-bellavance.org\/wp-content\/uploads\/2024\/07\/Jean_A_Gagne-300x296.jpg 300w\" sizes=\"auto, (max-width: 603px) 100vw, 603px\" \/><\/figure>\n\n\n\n<h2 class=\"wp-block-heading\"><strong>D\u00e9c\u00e8s de Jean A. Gagn\u00e9, notre membre num\u00e9ro 1 par Pierre Gagn\u00e9 (9)<\/strong><\/h2>\n\n\n\n<p class=\"wp-block-paragraph\">Suite \u00e0 une longue convalescence, Jean est d\u00e9c\u00e9d\u00e9 paisiblement \u00e0 l&rsquo;H\u00f4pital G\u00e9n\u00e9ral de Qu\u00e9bec le 17 janvier 2007. Peu de temps avant son d\u00e9c\u00e8s, il consultait encore le dernier bulletin de l&rsquo;Association.<\/p>\n\n\n\n<p class=\"wp-block-paragraph\">Durant pr\u00e8s de 20 ans, suite au rassemblement de 1953, notre association fut tr\u00e8s active et maintint des liens suivis par des milliers de membres sur tout le continent nord-am\u00e9ricain et m\u00eame en France. \u00c0 la suite du d\u00e9c\u00e8s de ses fondateurs dont le fr\u00e8re Magloire Gagn\u00e9, l&rsquo;Association connut une p\u00e9riode de rel\u00e2chement. C&rsquo;est durant cette p\u00e9riode que Jean, \u00e0 l&rsquo;occasion de voyages en France en 1980 et avec l&rsquo;Association Qu\u00e9bec- Perche qu&rsquo;il pr\u00e9sida en 1985-1986, eut l&rsquo;occasion de visiter les lieux d&rsquo;origine de nos anc\u00eatres qui devaient lui rappeler l&rsquo;arriv\u00e9e de ceux-ci au pays avec en t\u00eate la possibilit\u00e9 de futures f\u00eates en 1994 d&rsquo;un 350<sup>e<\/sup> anniversaire.<\/p>\n\n\n\n<p class=\"wp-block-paragraph\">Apr\u00e8s maintes tentatives, le 14 septembre 1991, il tenait une premi\u00e8re r\u00e9union de la renaissance de l&rsquo;Association des familles Gagn\u00e9-Bellavance d&rsquo;Am\u00e9rique inc. \u00e0 l&rsquo;Universit\u00e9 Laval. Lors de cette rencontre, un conseil ex\u00e9cutif provisoire fut \u00e9lu soit : Mesdames Roseline (14) et Florence Gagn\u00e9, Messieurs Jacques T\u00eatu, Robert Gagn\u00e9 (8), archiviste, et Jean A. Gagn\u00e9 comme pr\u00e9sident.<\/p>\n\n\n\n<p class=\"wp-block-paragraph\">En 1993, il s&rsquo;impliqua aussi dans le projet des armoiries avec monsieur Roland Bellavance (71) o\u00f9 l&rsquo;on choisit aussi la devise \u00ab De bon vouloir, servir \u00bb qui furent accept\u00e9s le 12 septembre 1993.<\/p>\n\n\n\n<p class=\"wp-block-paragraph\">Durant l&rsquo;ann\u00e9e, lors de l&rsquo;organisation des f\u00eates du 350<sup>e<\/sup> au Mont Sainte-Anne, Jean suivit de pr\u00e8s la pr\u00e9paration et sut conseiller les plus jeunes.<\/p>\n\n\n\n<p class=\"wp-block-paragraph\">Jean voulut probablement suivre l&rsquo;exemple de son p\u00e8re, l&rsquo;Honorable juge Jules-Arthur Gagn\u00e9, qui en 1953 fut aussi le num\u00e9ro 1 \u00e0 ce moment comme pr\u00e9sident d&rsquo;honneur du premier ralliement des familles Gagn\u00e9-Bellavance tenu \u00e0 Qu\u00e9bec et Sainte-Anne de Beaupr\u00e9. C&rsquo;est fort de son encouragement que ce comit\u00e9 organisateur se transforme en association permanente. Jean avait \u00e0 ce moment le num\u00e9ro 244.<\/p>\n\n\n\n<p class=\"wp-block-paragraph\">Jean publia aussi trois volumes entre les ann\u00e9es 1993 et 2000 appel\u00e9s \u00ab Billets pour Qu\u00e9bec \u00bb, avec plus de trois cents \u00e9crits chacun sur les activit\u00e9s sociales, sur le patrimoine \u00e0 Qu\u00e9bec, sur la province, des \u0153uvres d&rsquo;\u00e9loges ou de critiques, dont certains publi\u00e9s dans la presse ou les revues.<\/p>\n\n\n\n<p class=\"wp-block-paragraph\">Suite \u00e0 notre rassemblement du 350<sup>e<\/sup> anniversaire en 1995, Jean a subit d&rsquo;importantes chirurgies qui l&rsquo;ont emp\u00each\u00e9 d&rsquo;\u00eatre avec nous lors de nos rassemblements subs\u00e9quents, mais il se tenait quand m\u00eame au courant de nos activit\u00e9s.<\/p>\n\n\n\n<p class=\"wp-block-paragraph\">Nos sinc\u00e8res condol\u00e9ances \u00e0 son \u00e9pouse C\u00e9cile Gagn\u00e9 (n\u00e9e Beaulieu), sa fille H\u00e9l\u00e8ne et ses deux petites filles Viviane et Michelle.<\/p>\n","protected":false},"excerpt":{"rendered":"<p>L&rsquo;Association des familles Gagn\u00e9-Bellavance d\u2019Am\u00e9rique a \u00e9t\u00e9 fond\u00e9e le 17 septembre 1950. Elle a parrain\u00e9 une r\u00e9union de plus de 5 000 cousins\u00a0\u200b\u200ben 1953 pour c\u00e9l\u00e9brer le tricentenaire de l&rsquo;arriv\u00e9e de Pierre Gasnier (1610-1656) en 1653. Des photos de la r\u00e9union de 1953 peuvent \u00eatre vues dans la section Photos sur ce site. Une autre [&hellip;]<\/p>\n","protected":false},"author":1,"featured_media":0,"parent":0,"menu_order":0,"comment_status":"closed","ping_status":"closed","template":"","meta":{"footnotes":""},"class_list":["post-78","page","type-page","status-publish","hentry"],"_links":{"self":[{"href":"https:\/\/www.gagne-bellavance.org\/index.php?rest_route=\/wp\/v2\/pages\/78","targetHints":{"allow":["GET"]}}],"collection":[{"href":"https:\/\/www.gagne-bellavance.org\/index.php?rest_route=\/wp\/v2\/pages"}],"about":[{"href":"https:\/\/www.gagne-bellavance.org\/index.php?rest_route=\/wp\/v2\/types\/page"}],"author":[{"embeddable":true,"href":"https:\/\/www.gagne-bellavance.org\/index.php?rest_route=\/wp\/v2\/users\/1"}],"replies":[{"embeddable":true,"href":"https:\/\/www.gagne-bellavance.org\/index.php?rest_route=%2Fwp%2Fv2%2Fcomments&post=78"}],"version-history":[{"count":6,"href":"https:\/\/www.gagne-bellavance.org\/index.php?rest_route=\/wp\/v2\/pages\/78\/revisions"}],"predecessor-version":[{"id":538,"href":"https:\/\/www.gagne-bellavance.org\/index.php?rest_route=\/wp\/v2\/pages\/78\/revisions\/538"}],"wp:attachment":[{"href":"https:\/\/www.gagne-bellavance.org\/index.php?rest_route=%2Fwp%2Fv2%2Fmedia&parent=78"}],"curies":[{"name":"wp","href":"https:\/\/api.w.org\/{rel}","templated":true}]}}